{"id":192,"date":"2015-04-06T15:59:41","date_gmt":"2015-04-06T15:59:41","guid":{"rendered":"http:\/\/saca.com.mx\/es\/?page_id=192"},"modified":"2019-04-24T13:15:58","modified_gmt":"2019-04-24T13:15:58","slug":"aviso-de-privacidad","status":"publish","type":"page","link":"https:\/\/saca.com.mx\/es\/aviso-de-privacidad\/","title":{"rendered":"Aviso de Privacidad"},"content":{"rendered":"<p>[et_pb_section bb_built=\u00bb1&#8243;][et_pb_row][et_pb_column type=\u00bb4_4&#8243;][et_pb_text]<\/p>\n<p style=\"text-align: justify;\"><span style=\"color: #333333; font-family: Arial; font-size: small;\"><b>Aviso de Privacidad para Consumidores<br \/>\n<\/b><br \/>\nEn Instalaciones y Servicios SACA, S.A. de C.V. con domicilio en Le\u00f3n Guzm\u00e1n, No. 1105, Colonia Nuevo Repueblo, Monterrey, N.L., C.P. 64700, estamos conscientes que usted como consumidor (En lo sucesivo, \u00abEL TITULAR\u00bb) tiene derecho a conocer que informaci\u00f3n recabamos de usted y nuestras pr\u00e1cticas en relaci\u00f3n con dicha informaci\u00f3n. Las condiciones contenidas en el presente son aplicables a toda la informaci\u00f3n que se recabe a nombre de Instalaciones y Servicios SACA, S.A. de C.V. (En adelante \u00abLA EMPRESA\u00bb)<\/span><\/p>\n<p style=\"text-align: justify;\">El presente Aviso de Privacidad tiene como objeto informarle sobre el tratamiento que se le dar\u00e1 a sus datos personales cuando los mismos son recabados, utilizados, almacenados y\/o transferidos por LA EMPRESA.<\/p>\n<p style=\"text-align: justify;\"><b>Responsable del tratamiento de sus datos personales<br \/>\n<\/b><\/p>\n<p style=\"text-align: justify;\">LA EMPRESA con domicilio en Le\u00f3n Guzm\u00e1n, No. 1105, Colonia Nuevo Repueblo, Monterrey, N.L., C.P. 64700, ser\u00e1 el responsable y, por ende, quien decidir\u00e1 sobre el tratamiento que se le d\u00e9 a sus datos personales.<\/p>\n<p style=\"text-align: justify;\"><b>Datos personales que se recaban<\/b><\/p>\n<p style=\"text-align: justify;\">LA EMPRESA podr\u00e1 recabar y, en su caso, tratar datos personales, es decir, informaci\u00f3n que lo identifica o lo hace identificable. Los datos personales que recabara la empresa son los siguientes:<\/p>\n<ul style=\"text-align: justify;\">\n<li><span style=\"color: #333333; font-family: Arial; font-size: small;\">Nombre completo.<\/span><\/li>\n<li><span style=\"color: #333333; font-family: Arial; font-size: small;\">Edad.<\/span><\/li>\n<li><span style=\"color: #333333; font-family: Arial; font-size: small;\">Fecha de nacimiento.<\/span><\/li>\n<li><span style=\"color: #333333; font-family: Arial; font-size: small;\">G\u00e9nero.<\/span><\/li>\n<li><span style=\"color: #333333; font-family: Arial; font-size: small;\">Estado Civil.<\/span><\/li>\n<li><span style=\"color: #333333; font-family: Arial; font-size: small;\">Domicilio.<\/span><\/li>\n<li><span style=\"color: #333333; font-family: Arial; font-size: small;\">Domicilio de entrega.<\/span><\/li>\n<li><span style=\"color: #333333; font-family: Arial; font-size: small;\">Nacionalidad.<\/span><\/li>\n<li><span style=\"color: #333333; font-family: Arial; font-size: small;\">Correo electr\u00f3nico.<\/span><\/li>\n<li><span style=\"color: #333333; font-family: Arial; font-size: small;\">Tel\u00e9fono particular, del trabajo, celular.<\/span><\/li>\n<li><span style=\"color: #333333; font-family: Arial; font-size: small;\">Forma de contacto preferida.<\/span><\/li>\n<li><span style=\"color: #333333; font-family: Arial; font-size: small;\">Datos de pago (tales como n\u00famero de tarjeta de Cr\u00e9dito o cuentas bancarias).<\/span><\/li>\n<li><span style=\"color: #333333; font-family: Arial; font-size: small;\">Datos de facturaci\u00f3n.<\/span><\/li>\n<li><span style=\"color: #333333; font-family: Arial; font-size: small;\">Informaci\u00f3n sobre su capacidad Crediticia.<\/span><\/li>\n<li><span style=\"color: #333333; font-family: Arial; font-size: small;\">Datos sobre matriz, sucursales y\/o grupos empresariales.<\/span><\/li>\n<\/ul>\n<p style=\"text-align: justify;\"><span style=\"color: #333333; font-family: Arial; font-size: small;\">Podr\u00e1n tratarse otros datos personales, sensibles y no sensibles, que no se incluyan en las listas anteriores siempre y cuando dichos datos se consideren de la misma naturaleza y no sean excesivos respecto a las finalidades para las cuales se recaban.<\/span><\/p>\n<p style=\"text-align: justify;\"><b>Finalidades del tratamiento de los datos personales<\/b><\/p>\n<p style=\"text-align: justify;\">LA EMPRESA recaba, utiliza, almacena o transfiere sus datos personales, en la medida en que las leyes aplicables lo permiten, para llevar a cabo lo siguiente:<\/p>\n<ul style=\"text-align: justify;\">\n<li><span style=\"color: #333333; font-family: Arial; font-size: small;\">Cumplimiento con obligaciones legales.<\/span><\/li>\n<li><span style=\"color: #333333; font-family: Arial; font-size: small;\">Creaci\u00f3n y administraci\u00f3n de su cuenta.<\/span><\/li>\n<li><span style=\"color: #333333; font-family: Arial; font-size: small;\">Seguimiento en las ventas.<\/span><\/li>\n<li><span style=\"color: #333333; font-family: Arial; font-size: small;\">Cobranza y procesos de pagos.<\/span><\/li>\n<li><span style=\"color: #333333; font-family: Arial; font-size: small;\">Proporcionarle informaci\u00f3n sobre productos o servicios, o recalls de los productos de la empresa.<\/span><\/li>\n<li><span style=\"color: #333333; font-family: Arial; font-size: small;\">Solicitarle informaci\u00f3n para efectos de investigaci\u00f3n de mercado.<\/span><\/li>\n<li><span style=\"color: #333333; font-family: Arial; font-size: small;\">Desarrollo de nuevos productos y servicios.<\/span><\/li>\n<li><span style=\"color: #333333; font-family: Arial; font-size: small;\">Conocer el mercado y el desempe\u00f1o de la empresa dentro de este.<\/span><\/li>\n<li><span style=\"color: #333333; font-family: Arial; font-size: small;\">Para solicitarle que responda algunas encuestas de satisfacci\u00f3n con respecto a nuestros productos o servicios.<\/span><\/li>\n<li><span style=\"color: #333333; font-family: Arial; font-size: small;\">Para seguimiento a alg\u00fan problema que haya surgido respecto a pedidos o entregas de producto.<\/span><\/li>\n<li><span style=\"color: #333333; font-family: Arial; font-size: small;\">Para hacerle llegar informaci\u00f3n de la empresa con fines publicitarios o de promoci\u00f3n.<\/span><\/li>\n<li><span style=\"color: #333333; font-family: Arial; font-size: small;\">Estudios para determinar la satisfacci\u00f3n del consumidor.<\/span><\/li>\n<li><span style=\"color: #333333; font-family: Arial; font-size: small;\">Conformaci\u00f3n de expedientes de consumidores.<\/span><\/li>\n<li><span style=\"color: #333333; font-family: Arial; font-size: small;\">Interrelaci\u00f3n de bases de datos para conocer el perfil y las necesidades del consumidor.<\/span><\/li>\n<li><span style=\"color: #333333; font-family: Arial; font-size: small;\">Env\u00edo de promociones sobre nuestros productos o servicios de acuerdo a lo que consideramos son los intereses del consumidor.<\/span><\/li>\n<li><span style=\"color: #333333; font-family: Arial; font-size: small;\">Hacerle llegar comunicaciones de todo tipo, provenientes de LA EMPRESA.<\/span><\/li>\n<\/ul>\n<p style=\"text-align: justify;\"><span style=\"color: #333333; font-family: Arial; font-size: small;\">LA EMPRESA podr\u00e1 hacer uso de sus datos personales para otras finalidades, siempre y cuando dichas finalidades sean compatibles con las anteriores y se le avise a \u00abEL TITULAR\u00bb de forma previa, dando su consentimiento y puedan considerarse an\u00e1logas a las anteriores.<\/span><\/p>\n<p style=\"text-align: justify;\">Sus datos personales ser\u00e1n tratados \u00fanicamente por el tiempo necesario a fin de cumplir con las finalidades descritas y\/o de conformidad con lo que establezcan las disposiciones legales aplicables.<\/p>\n<p style=\"text-align: justify;\">En caso de que sus datos personales pretendan ser utilizados para una finalidad distinta a lo mencionando con anterioridad, LA EMPRESA le notificara por correo electr\u00f3nico o por tel\u00e9fono, a fin de obtener su consentimiento para el tratamiento de sus datos personales de acuerdo a las nuevas finalidades. De no recibir su consentimiento, para los casos en que es necesario LA EMPRESA no utilizara sus datos personales.<\/p>\n<p style=\"text-align: justify;\"><b>Seguridad de los datos personales<\/b><\/p>\n<p style=\"text-align: justify;\">LA EMPRESA implementar\u00e1 las medidas de seguridad, t\u00e9cnicas, administrativas y f\u00edsicas, necesarias para proteger sus datos personales y evitar su da\u00f1o, p\u00e9rdida, alteraci\u00f3n, destrucci\u00f3n o el uso, acceso o tratamiento no autorizado.<\/p>\n<p style=\"text-align: justify;\">\u00danicamente el personal autorizado, que ha cumplido y observado los correspondientes requisitos de confidencialidad, podr\u00e1 participar en el tratamiento de sus datos personales. El personal autorizado tiene prohibido permitir el acceso de personas no autorizadas y utilizar sus datos personales para fines distintos a los establecidos en el presente Aviso de Privacidad. La obligaci\u00f3n de confidencialidad de las personas que participan en el tratamiento de sus datos personales subsiste aun despu\u00e9s de terminada la relaci\u00f3n con LA EMPRESA.<\/p>\n<p style=\"text-align: justify;\"><b>Comunicaciones y Transferencias de datos personales<\/b><\/p>\n<p style=\"text-align: justify;\">Como parte de las operaciones propias del negocio y a fin de cumplir con las finalidades descritas; LA EMPRESA podr\u00e1 compartir con terceros, nacionales o extranjeros, algunos o todos sus datos personales. Dichos terceros podr\u00e1n ser compa\u00f1\u00edas afiliadas o subsidiarias de LA EMPRESA; asesores profesionales externos y\/u otros prestadores de servicios que act\u00faen como encargados a nombre y por cuenta de LA EMPRESA.<\/p>\n<p style=\"text-align: justify;\">LA EMPRESA procurar\u00e1 que dichos terceros mantengan medidas de seguridad, administrativas, t\u00e9cnicas y f\u00edsicas adecuadas para resguardar sus datos personales, as\u00ed como que dichos terceros \u00fanicamente utilicen sus datos personales para las finalidades para las cuales fueron contratados y de conformidad con el presente Aviso de Privacidad.<\/p>\n<p style=\"text-align: justify;\">LA EMPRESA no ceder\u00e1, vender\u00e1 o transferir\u00e1 sus datos personales, a terceros no relacionados con LA EMPRESA, sin su consentimiento previo. Sin embargo, LA EMPRESA podr\u00e1 transferir sus datos personales en los casos previstos en la Ley Federal de Protecci\u00f3n de Datos Personales en Posesi\u00f3n de los Particulares.<\/p>\n<p style=\"text-align: justify;\">En caso de que EL TITULAR desee oponerse al tratamiento de sus datos personales para las finalidades previstas en este p\u00e1rrafo, mediante comunicado enviando al correo electr\u00f3nico que aparece en la p\u00e1gina WEB de LA EMPRESA, con copia al correo electr\u00f3nico que se se\u00f1ala posteriormente, del encargado del tratamiento y seguimiento de esta informaci\u00f3n. El TITULAR podr\u00e1 solicitar que LA EMPRESA que no se compartan o cedan sus datos personales.<\/p>\n<p style=\"text-align: justify;\"><b>Derechos que le corresponden<\/b><\/p>\n<p style=\"text-align: justify;\">EL TITULAR, podr\u00e1 ejercitar ante LA EMPRESA los derechos de acceso, rectificaci\u00f3n, cancelaci\u00f3n y oposici\u00f3n respecto al tratamiento de sus datos personales. Asimismo, podr\u00e1 revocar, en todo momento, el consentimiento que haya otorgado y que fuere necesario para el tratamiento de sus datos personales. A manera de referencia, a continuaci\u00f3n se describen los derechos de acceso, rectificaci\u00f3n, cancelaci\u00f3n y oposici\u00f3n:<\/p>\n<p style=\"text-align: justify;\">A trav\u00e9s de su derecho de acceso o mediante comunicado enviado al correo electr\u00f3nico que aparece en la p\u00e1gina WEB de LA EMPRESA, con copia al correo electr\u00f3nico que se se\u00f1ala posteriormente, del encargado del tratamiento y seguimiento de esta informaci\u00f3n. EL TITULAR, podr\u00e1 solicitar se le informe qu\u00e9 tipo de datos personales est\u00e1n siendo tratados por LA EMPRESA, el origen de dichos datos y las comunicaciones que se hayan realizado con los mismos.<\/p>\n<p style=\"text-align: justify;\">Por virtud del derecho de rectificaci\u00f3n o mediante comunicado enviado al correo electr\u00f3nico que aparece en la p\u00e1gina WEB de LA EMPRESA, con copia al correo electr\u00f3nico que se se\u00f1ala posteriormente, del encargado del tratamiento y seguimiento de esta informaci\u00f3n. EL TITULAR, puede solicitar se corrija o complete los datos personales que sean incorrectos o est\u00e9n incompletos y que obren en manos de LA EMPRESA.<\/p>\n<p style=\"text-align: justify;\">Usted tendr\u00e1 la obligaci\u00f3n de informar a LA EMPRESA cuando deba hacerse un cambio o correcci\u00f3n en sus datos personales y este hecho solo sea de su conocimiento. Cuando sus datos personales hayan dejado de ser necesarios para los fines para los cuales se recabaron, mediante comunicado enviado al correo electr\u00f3nico que aparece en la p\u00e1gina WEB de LA EMPRESA, con copia al correo electr\u00f3nico que se se\u00f1ala posteriormente, del encargado del tratamiento y seguimiento de esta informaci\u00f3n.<\/p>\n<p style=\"text-align: justify;\">EL TITULAR podr\u00e1 solicitar que los mismos sean cancelados si es que a\u00fan se conservaran en las bases de datos de LA EMPRESA. El proceso de cancelaci\u00f3n ir\u00e1 precedido de un periodo de bloqueo mediante el cual \u00fanicamente se almacenaran sus datos por un tiempo, equivalente al plazo de prescripci\u00f3n de las acciones que dieron origen al tratamiento de sus datos personales o el periodo que por ley se establezca. Existen casos en que los datos personales no pueden ser cancelados por disposici\u00f3n de ley.<\/p>\n<p style=\"text-align: justify;\">Mediante comunicado enviado al correo electr\u00f3nico que aparece en la p\u00e1gina WEB de LA EMPRESA, con copia al correo que se se\u00f1ala en el siguiente p\u00e1rrafo, del encargado del tratamiento y seguimiento de esta informaci\u00f3n. EL TITULAR podr\u00e1 oponerse al tratamiento de sus datos personales, cuando exista una causa leg\u00edtima para ello, incluso habiendo expresado anteriormente su consentimiento para dicho tratamiento.<\/p>\n<p style=\"text-align: justify;\">Al efecto, LA EMPRESA pondr\u00e1 a su disposici\u00f3n en la p\u00e1gina <a href=\"http:\/\/www.saca.com.mx\/\" target=\"_self\" rel=\"noopener noreferrer\">www.saca.com.mx<\/a>, a partir del 1 de Enero de 2013. Para efecto de las solicitudes de acceso, rectificaci\u00f3n, cancelaci\u00f3n y oposici\u00f3n, se podr\u00e1n solicitar el correo electr\u00f3nico que enseguida se se\u00f1ala; <a href=\"mailto:lgomez@saca.com.mx\">lgomez@saca.com.mx<\/a> qui\u00e9n de hecho es el encargado por parte de LA EMPRESA del manejo y tratamiento de los datos personales de EL TITULAR.<\/p>\n<p style=\"text-align: justify;\"><b>Cambios al Aviso de Privacidad<\/b><\/p>\n<p style=\"text-align: justify;\">LA EMPRESA se reserva el derecho de enmendar o modificar el presente Aviso de Privacidad como estime conveniente, por ejemplo, para cumplir con cambios a la legislaci\u00f3n sobre protecci\u00f3n de datos o cumplir con disposiciones internas de LA EMPRESA. LA EMPRESA le informar\u00e1 y pondr\u00e1 a su disposici\u00f3n el Aviso de Privacidad actualizado cuando se le hagan cambios significativos al mismo, as\u00ed como cuando se requiera recabar su consentimiento.<\/p>\n<p style=\"text-align: justify;\"><b>Departamento de Protecci\u00f3n de Datos<\/b><\/p>\n<p style=\"text-align: justify;\">EL TITULAR podr\u00e1 dirigir cualquier pregunta o comentario respecto del presente Aviso de Privacidad o ejercitar los derechos que por la Ley Federal de Protecci\u00f3n de Datos Personales en Posesi\u00f3n de los Particulares le correspondan, ante LA EMPRESA ubicada en Le\u00f3n Guzm\u00e1n, No. 1105, Colonia Nuevo Repueblo, Monterrey, N.L., C.P. 64700, o al correo electr\u00f3nico se\u00f1alado con antelaci\u00f3n.<\/p>\n<p style=\"text-align: justify;\">EL TITULAR manifiesta que ha le\u00eddo y entendido el presente Aviso de Privacidad y acepta expresamente la forma en la que LA EMPRESA tratara sus datos personales, de acuerdo a la Ley Federal de Protecci\u00f3n de Datos Personales en Posesi\u00f3n de los Particulares.<\/p>\n<p>[\/et_pb_text][\/et_pb_column][\/et_pb_row][\/et_pb_section]<\/p>\n","protected":false},"excerpt":{"rendered":"<p><div class=\"et_pb_row et_pb_row_0 et_pb_row_empty\">\n\t\t\t\t\n\t\t\t\t\n\t\t\t\t\n\t\t\t\t\n\t\t\t\t\n\t\t\t<\/div><div class=\"et_pb_module et_pb_text et_pb_text_0  et_pb_text_align_left et_pb_bg_layout_light\">\n\t\t\t\t\n\t\t\t\t\n\t\t\t\t\n\t\t\t\t\n\t\t\t\t\n\t\t\t<\/div> Aviso de Privacidad para Consumidores En Instalaciones y Servicios SACA, S.A. de C.V. con domicilio en Le\u00f3n Guzm\u00e1n, No. 1105, Colonia Nuevo Repueblo, Monterrey, N.L., C.P. 64700, estamos conscientes que usted como consumidor (En lo sucesivo, \u00abEL TITULAR\u00bb) tiene derecho a conocer que informaci\u00f3n recabamos de usted y nuestras pr\u00e1cticas en relaci\u00f3n con dicha [&hellip;]<\/p>\n","protected":false},"author":1,"featured_media":0,"parent":0,"menu_order":0,"comment_status":"closed","ping_status":"closed","template":"","meta":{"_et_pb_use_builder":"on","_et_pb_old_content":"<p style=\"text-align: justify;\"><span style=\"color: #333333; font-family: Arial; font-size: small;\"><b>Aviso de Privacidad para Consumidores\r\n<\/b>\r\nEn Instalaciones y Servicios SACA, S.A. de C.V. con domicilio en Le\u00f3n Guzm\u00e1n, No. 1105, Colonia Nuevo Repueblo, Monterrey, N.L., C.P. 64700, estamos conscientes que usted como consumidor (En lo sucesivo, \"EL TITULAR\") tiene derecho a conocer que informaci\u00f3n recabamos de usted y nuestras pr\u00e1cticas en relaci\u00f3n con dicha informaci\u00f3n. Las condiciones contenidas en el presente son aplicables a toda la informaci\u00f3n que se recabe a nombre de Instalaciones y Servicios SACA, S.A. de C.V. (En adelante \"LA EMPRESA\")<\/span><\/p>\r\n<p style=\"text-align: justify;\">El presente Aviso de Privacidad tiene como objeto informarle sobre el tratamiento que se le dar\u00e1 a sus datos personales cuando los mismos son recabados, utilizados, almacenados y\/o transferidos por LA EMPRESA.<\/p>\r\n<p style=\"text-align: justify;\"><b>Responsable del tratamiento de sus datos personales\r\n<\/b><\/p>\r\n<p style=\"text-align: justify;\">LA EMPRESA con domicilio en Le\u00f3n Guzm\u00e1n, No. 1105, Colonia Nuevo Repueblo, Monterrey, N.L., C.P. 64700, ser\u00e1 el responsable y, por ende, quien decidir\u00e1 sobre el tratamiento que se le d\u00e9 a sus datos personales.<\/p>\r\n<p style=\"text-align: justify;\"><b>Datos personales que se recaban<\/b><\/p>\r\n<p style=\"text-align: justify;\">LA EMPRESA podr\u00e1 recabar y, en su caso, tratar datos personales, es decir, informaci\u00f3n que lo identifica o lo hace identificable. Los datos personales que recabara la empresa son los siguientes:<\/p>\r\n\r\n<ul style=\"text-align: justify;\">\r\n\t<li><span style=\"color: #333333; font-family: Arial; font-size: small;\">Nombre completo.<\/span><\/li>\r\n\t<li><span style=\"color: #333333; font-family: Arial; font-size: small;\">Edad.<\/span><\/li>\r\n\t<li><span style=\"color: #333333; font-family: Arial; font-size: small;\">Fecha de nacimiento.<\/span><\/li>\r\n\t<li><span style=\"color: #333333; font-family: Arial; font-size: small;\">G\u00e9nero.<\/span><\/li>\r\n\t<li><span style=\"color: #333333; font-family: Arial; font-size: small;\">Estado Civil.<\/span><\/li>\r\n\t<li><span style=\"color: #333333; font-family: Arial; font-size: small;\">Domicilio.<\/span><\/li>\r\n\t<li><span style=\"color: #333333; font-family: Arial; font-size: small;\">Domicilio de entrega.<\/span><\/li>\r\n\t<li><span style=\"color: #333333; font-family: Arial; font-size: small;\">Nacionalidad.<\/span><\/li>\r\n\t<li><span style=\"color: #333333; font-family: Arial; font-size: small;\">Correo electr\u00f3nico.<\/span><\/li>\r\n\t<li><span style=\"color: #333333; font-family: Arial; font-size: small;\">Tel\u00e9fono particular, del trabajo, celular.<\/span><\/li>\r\n\t<li><span style=\"color: #333333; font-family: Arial; font-size: small;\">Forma de contacto preferida.<\/span><\/li>\r\n\t<li><span style=\"color: #333333; font-family: Arial; font-size: small;\">Datos de pago (tales como n\u00famero de tarjeta de Cr\u00e9dito o cuentas bancarias).<\/span><\/li>\r\n\t<li><span style=\"color: #333333; font-family: Arial; font-size: small;\">Datos de facturaci\u00f3n.<\/span><\/li>\r\n\t<li><span style=\"color: #333333; font-family: Arial; font-size: small;\">Informaci\u00f3n sobre su capacidad Crediticia.<\/span><\/li>\r\n\t<li><span style=\"color: #333333; font-family: Arial; font-size: small;\">Datos sobre matriz, sucursales y\/o grupos empresariales.<\/span><\/li>\r\n<\/ul>\r\n<p style=\"text-align: justify;\"><span style=\"color: #333333; font-family: Arial; font-size: small;\">Podr\u00e1n tratarse otros datos personales, sensibles y no sensibles, que no se incluyan en las listas anteriores siempre y cuando dichos datos se consideren de la misma naturaleza y no sean excesivos respecto a las finalidades para las cuales se recaban.<\/span><\/p>\r\n<p style=\"text-align: justify;\"><b>Finalidades del tratamiento de los datos personales<\/b><\/p>\r\n<p style=\"text-align: justify;\">LA EMPRESA recaba, utiliza, almacena o transfiere sus datos personales, en la medida en que las leyes aplicables lo permiten, para llevar a cabo lo siguiente:<\/p>\r\n\r\n<ul style=\"text-align: justify;\">\r\n\t<li><span style=\"color: #333333; font-family: Arial; font-size: small;\">Cumplimiento con obligaciones legales.<\/span><\/li>\r\n\t<li><span style=\"color: #333333; font-family: Arial; font-size: small;\">Creaci\u00f3n y administraci\u00f3n de su cuenta.<\/span><\/li>\r\n\t<li><span style=\"color: #333333; font-family: Arial; font-size: small;\">Seguimiento en las ventas.<\/span><\/li>\r\n\t<li><span style=\"color: #333333; font-family: Arial; font-size: small;\">Cobranza y procesos de pagos.<\/span><\/li>\r\n\t<li><span style=\"color: #333333; font-family: Arial; font-size: small;\">Proporcionarle informaci\u00f3n sobre productos o servicios, o recalls de los productos de la empresa.<\/span><\/li>\r\n\t<li><span style=\"color: #333333; font-family: Arial; font-size: small;\">Solicitarle informaci\u00f3n para efectos de investigaci\u00f3n de mercado.<\/span><\/li>\r\n\t<li><span style=\"color: #333333; font-family: Arial; font-size: small;\">Desarrollo de nuevos productos y servicios.<\/span><\/li>\r\n\t<li><span style=\"color: #333333; font-family: Arial; font-size: small;\">Conocer el mercado y el desempe\u00f1o de la empresa dentro de este.<\/span><\/li>\r\n\t<li><span style=\"color: #333333; font-family: Arial; font-size: small;\">Para solicitarle que responda algunas encuestas de satisfacci\u00f3n con respecto a nuestros productos o servicios.<\/span><\/li>\r\n\t<li><span style=\"color: #333333; font-family: Arial; font-size: small;\">Para seguimiento a alg\u00fan problema que haya surgido respecto a pedidos o entregas de producto.<\/span><\/li>\r\n\t<li><span style=\"color: #333333; font-family: Arial; font-size: small;\">Para hacerle llegar informaci\u00f3n de la empresa con fines publicitarios o de promoci\u00f3n.<\/span><\/li>\r\n\t<li><span style=\"color: #333333; font-family: Arial; font-size: small;\">Estudios para determinar la satisfacci\u00f3n del consumidor.<\/span><\/li>\r\n\t<li><span style=\"color: #333333; font-family: Arial; font-size: small;\">Conformaci\u00f3n de expedientes de consumidores.<\/span><\/li>\r\n\t<li><span style=\"color: #333333; font-family: Arial; font-size: small;\">Interrelaci\u00f3n de bases de datos para conocer el perfil y las necesidades del consumidor.<\/span><\/li>\r\n\t<li><span style=\"color: #333333; font-family: Arial; font-size: small;\">Env\u00edo de promociones sobre nuestros productos o servicios de acuerdo a lo que consideramos son los intereses del consumidor.<\/span><\/li>\r\n\t<li><span style=\"color: #333333; font-family: Arial; font-size: small;\">Hacerle llegar comunicaciones de todo tipo, provenientes de LA EMPRESA.<\/span><\/li>\r\n<\/ul>\r\n<p style=\"text-align: justify;\"><span style=\"color: #333333; font-family: Arial; font-size: small;\">LA EMPRESA podr\u00e1 hacer uso de sus datos personales para otras finalidades, siempre y cuando dichas finalidades sean compatibles con las anteriores y se le avise a \"EL TITULAR\" de forma previa, dando su consentimiento y puedan considerarse an\u00e1logas a las anteriores.<\/span><\/p>\r\n<p style=\"text-align: justify;\">Sus datos personales ser\u00e1n tratados \u00fanicamente por el tiempo necesario a fin de cumplir con las finalidades descritas y\/o de conformidad con lo que establezcan las disposiciones legales aplicables.<\/p>\r\n<p style=\"text-align: justify;\">En caso de que sus datos personales pretendan ser utilizados para una finalidad distinta a lo mencionando con anterioridad, LA EMPRESA le notificara por correo electr\u00f3nico o por tel\u00e9fono, a fin de obtener su consentimiento para el tratamiento de sus datos personales de acuerdo a las nuevas finalidades. De no recibir su consentimiento, para los casos en que es necesario LA EMPRESA no utilizara sus datos personales.<\/p>\r\n<p style=\"text-align: justify;\"><b>Seguridad de los datos personales<\/b><\/p>\r\n<p style=\"text-align: justify;\">LA EMPRESA implementar\u00e1 las medidas de seguridad, t\u00e9cnicas, administrativas y f\u00edsicas, necesarias para proteger sus datos personales y evitar su da\u00f1o, p\u00e9rdida, alteraci\u00f3n, destrucci\u00f3n o el uso, acceso o tratamiento no autorizado.<\/p>\r\n<p style=\"text-align: justify;\">\u00danicamente el personal autorizado, que ha cumplido y observado los correspondientes requisitos de confidencialidad, podr\u00e1 participar en el tratamiento de sus datos personales. El personal autorizado tiene prohibido permitir el acceso de personas no autorizadas y utilizar sus datos personales para fines distintos a los establecidos en el presente Aviso de Privacidad. La obligaci\u00f3n de confidencialidad de las personas que participan en el tratamiento de sus datos personales subsiste aun despu\u00e9s de terminada la relaci\u00f3n con LA EMPRESA.<\/p>\r\n<p style=\"text-align: justify;\"><b>Comunicaciones y Transferencias de datos personales<\/b><\/p>\r\n<p style=\"text-align: justify;\">Como parte de las operaciones propias del negocio y a fin de cumplir con las finalidades descritas; LA EMPRESA podr\u00e1 compartir con terceros, nacionales o extranjeros, algunos o todos sus datos personales. Dichos terceros podr\u00e1n ser compa\u00f1\u00edas afiliadas o subsidiarias de LA EMPRESA; asesores profesionales externos y\/u otros prestadores de servicios que act\u00faen como encargados a nombre y por cuenta de LA EMPRESA.<\/p>\r\n<p style=\"text-align: justify;\">LA EMPRESA procurar\u00e1 que dichos terceros mantengan medidas de seguridad, administrativas, t\u00e9cnicas y f\u00edsicas adecuadas para resguardar sus datos personales, as\u00ed como que dichos terceros \u00fanicamente utilicen sus datos personales para las finalidades para las cuales fueron contratados y de conformidad con el presente Aviso de Privacidad.<\/p>\r\n<p style=\"text-align: justify;\">LA EMPRESA no ceder\u00e1, vender\u00e1 o transferir\u00e1 sus datos personales, a terceros no relacionados con LA EMPRESA, sin su consentimiento previo. Sin embargo, LA EMPRESA podr\u00e1 transferir sus datos personales en los casos previstos en la Ley Federal de Protecci\u00f3n de Datos Personales en Posesi\u00f3n de los Particulares.<\/p>\r\n<p style=\"text-align: justify;\">En caso de que EL TITULAR desee oponerse al tratamiento de sus datos personales para las finalidades previstas en este p\u00e1rrafo, mediante comunicado enviando al correo electr\u00f3nico que aparece en la p\u00e1gina WEB de LA EMPRESA, con copia al correo electr\u00f3nico que se se\u00f1ala posteriormente, del encargado del tratamiento y seguimiento de esta informaci\u00f3n. El TITULAR podr\u00e1 solicitar que LA EMPRESA que no se compartan o cedan sus datos personales.<\/p>\r\n<p style=\"text-align: justify;\"><b>Derechos que le corresponden<\/b><\/p>\r\n<p style=\"text-align: justify;\">EL TITULAR, podr\u00e1 ejercitar ante LA EMPRESA los derechos de acceso, rectificaci\u00f3n, cancelaci\u00f3n y oposici\u00f3n respecto al tratamiento de sus datos personales. Asimismo, podr\u00e1 revocar, en todo momento, el consentimiento que haya otorgado y que fuere necesario para el tratamiento de sus datos personales. A manera de referencia, a continuaci\u00f3n se describen los derechos de acceso, rectificaci\u00f3n, cancelaci\u00f3n y oposici\u00f3n:<\/p>\r\n<p style=\"text-align: justify;\">A trav\u00e9s de su derecho de acceso o mediante comunicado enviado al correo electr\u00f3nico que aparece en la p\u00e1gina WEB de LA EMPRESA, con copia al correo electr\u00f3nico que se se\u00f1ala posteriormente, del encargado del tratamiento y seguimiento de esta informaci\u00f3n. EL TITULAR, podr\u00e1 solicitar se le informe qu\u00e9 tipo de datos personales est\u00e1n siendo tratados por LA EMPRESA, el origen de dichos datos y las comunicaciones que se hayan realizado con los mismos.<\/p>\r\n<p style=\"text-align: justify;\">Por virtud del derecho de rectificaci\u00f3n o mediante comunicado enviado al correo electr\u00f3nico que aparece en la p\u00e1gina WEB de LA EMPRESA, con copia al correo electr\u00f3nico que se se\u00f1ala posteriormente, del encargado del tratamiento y seguimiento de esta informaci\u00f3n. EL TITULAR, puede solicitar se corrija o complete los datos personales que sean incorrectos o est\u00e9n incompletos y que obren en manos de LA EMPRESA.<\/p>\r\n<p style=\"text-align: justify;\">Usted tendr\u00e1 la obligaci\u00f3n de informar a LA EMPRESA cuando deba hacerse un cambio o correcci\u00f3n en sus datos personales y este hecho solo sea de su conocimiento. Cuando sus datos personales hayan dejado de ser necesarios para los fines para los cuales se recabaron, mediante comunicado enviado al correo electr\u00f3nico que aparece en la p\u00e1gina WEB de LA EMPRESA, con copia al correo electr\u00f3nico que se se\u00f1ala posteriormente, del encargado del tratamiento y seguimiento de esta informaci\u00f3n.<\/p>\r\n<p style=\"text-align: justify;\">EL TITULAR podr\u00e1 solicitar que los mismos sean cancelados si es que a\u00fan se conservaran en las bases de datos de LA EMPRESA. El proceso de cancelaci\u00f3n ir\u00e1 precedido de un periodo de bloqueo mediante el cual \u00fanicamente se almacenaran sus datos por un tiempo, equivalente al plazo de prescripci\u00f3n de las acciones que dieron origen al tratamiento de sus datos personales o el periodo que por ley se establezca. Existen casos en que los datos personales no pueden ser cancelados por disposici\u00f3n de ley.<\/p>\r\n<p style=\"text-align: justify;\">Mediante comunicado enviado al correo electr\u00f3nico que aparece en la p\u00e1gina WEB de LA EMPRESA, con copia al correo que se se\u00f1ala en el siguiente p\u00e1rrafo, del encargado del tratamiento y seguimiento de esta informaci\u00f3n. EL TITULAR podr\u00e1 oponerse al tratamiento de sus datos personales, cuando exista una causa leg\u00edtima para ello, incluso habiendo expresado anteriormente su consentimiento para dicho tratamiento.<\/p>\r\n<p style=\"text-align: justify;\">Al efecto, LA EMPRESA pondr\u00e1 a su disposici\u00f3n en la p\u00e1gina <a href=\"http:\/\/www.saca.com.mx\/\" target=\"_self\">www.saca.com.mx<\/a>, a partir del 1 de Enero de 2013. Para efecto de las solicitudes de acceso, rectificaci\u00f3n, cancelaci\u00f3n y oposici\u00f3n, se podr\u00e1n solicitar el correo electr\u00f3nico que enseguida se se\u00f1ala; <a href=\"mailto:lgomez@saca.com.mx\">lgomez@saca.com.mx<\/a> qui\u00e9n de hecho es el encargado por parte de LA EMPRESA del manejo y tratamiento de los datos personales de EL TITULAR.<\/p>\r\n<p style=\"text-align: justify;\"><b>Cambios al Aviso de Privacidad<\/b><\/p>\r\n<p style=\"text-align: justify;\">LA EMPRESA se reserva el derecho de enmendar o modificar el presente Aviso de Privacidad como estime conveniente, por ejemplo, para cumplir con cambios a la legislaci\u00f3n sobre protecci\u00f3n de datos o cumplir con disposiciones internas de LA EMPRESA. LA EMPRESA le informar\u00e1 y pondr\u00e1 a su disposici\u00f3n el Aviso de Privacidad actualizado cuando se le hagan cambios significativos al mismo, as\u00ed como cuando se requiera recabar su consentimiento.<\/p>\r\n<p style=\"text-align: justify;\"><b>Departamento de Protecci\u00f3n de Datos<\/b><\/p>\r\n<p style=\"text-align: justify;\">EL TITULAR podr\u00e1 dirigir cualquier pregunta o comentario respecto del presente Aviso de Privacidad o ejercitar los derechos que por la Ley Federal de Protecci\u00f3n de Datos Personales en Posesi\u00f3n de los Particulares le correspondan, ante LA EMPRESA ubicada en Le\u00f3n Guzm\u00e1n, No. 1105, Colonia Nuevo Repueblo, Monterrey, N.L., C.P. 64700, o al correo electr\u00f3nico se\u00f1alado con antelaci\u00f3n.<\/p>\r\n<p style=\"text-align: justify;\">EL TITULAR manifiesta que ha le\u00eddo y entendido el presente Aviso de Privacidad y acepta expresamente la forma en la que LA EMPRESA tratara sus datos personales, de acuerdo a la Ley Federal de Protecci\u00f3n de Datos Personales en Posesi\u00f3n de los Particulares.<\/p>","_et_gb_content_width":"","footnotes":""},"class_list":["post-192","page","type-page","status-publish","hentry"],"yoast_head":"<!-- This site is optimized with the Yoast SEO plugin v27.4 - https:\/\/yoast.com\/product\/yoast-seo-wordpress\/ -->\n<title>Aviso de Privacidad - SACA Sistemas de Protecci\u00f3n contra Incendio M\u00e9xico<\/title>\n<meta name=\"robots\" content=\"index, follow, max-snippet:-1, max-image-preview:large, max-video-preview:-1\" \/>\n<link rel=\"canonical\" href=\"https:\/\/saca.com.mx\/es\/aviso-de-privacidad\/\" \/>\n<meta property=\"og:locale\" content=\"es_ES\" \/>\n<meta property=\"og:type\" content=\"article\" \/>\n<meta property=\"og:title\" content=\"Aviso de Privacidad - SACA Sistemas de Protecci\u00f3n contra Incendio M\u00e9xico\" \/>\n<meta property=\"og:description\" content=\"Aviso de Privacidad para Consumidores En Instalaciones y Servicios SACA, S.A. de C.V. con domicilio en Le\u00f3n Guzm\u00e1n, No. 1105, Colonia Nuevo Repueblo, Monterrey, N.L., C.P. 64700, estamos conscientes que usted como consumidor (En lo sucesivo, &quot;EL TITULAR&quot;) tiene derecho a conocer que informaci\u00f3n recabamos de usted y nuestras pr\u00e1cticas en relaci\u00f3n con dicha [&hellip;]\" \/>\n<meta property=\"og:url\" content=\"https:\/\/saca.com.mx\/es\/aviso-de-privacidad\/\" \/>\n<meta property=\"og:site_name\" content=\"SACA Sistemas de Protecci\u00f3n contra Incendio M\u00e9xico\" \/>\n<meta property=\"article:modified_time\" content=\"2019-04-24T13:15:58+00:00\" \/>\n<meta name=\"twitter:card\" content=\"summary_large_image\" \/>\n<meta name=\"twitter:label1\" content=\"Tiempo de lectura\" \/>\n\t<meta name=\"twitter:data1\" content=\"9 minutos\" \/>\n<script type=\"application\/ld+json\" class=\"yoast-schema-graph\">{\"@context\":\"https:\\\/\\\/schema.org\",\"@graph\":[{\"@type\":\"WebPage\",\"@id\":\"https:\\\/\\\/saca.com.mx\\\/es\\\/aviso-de-privacidad\\\/\",\"url\":\"https:\\\/\\\/saca.com.mx\\\/es\\\/aviso-de-privacidad\\\/\",\"name\":\"Aviso de Privacidad - SACA Sistemas de Protecci\u00f3n contra Incendio M\u00e9xico\",\"isPartOf\":{\"@id\":\"https:\\\/\\\/saca.com.mx\\\/es\\\/#website\"},\"datePublished\":\"2015-04-06T15:59:41+00:00\",\"dateModified\":\"2019-04-24T13:15:58+00:00\",\"breadcrumb\":{\"@id\":\"https:\\\/\\\/saca.com.mx\\\/es\\\/aviso-de-privacidad\\\/#breadcrumb\"},\"inLanguage\":\"es\",\"potentialAction\":[{\"@type\":\"ReadAction\",\"target\":[\"https:\\\/\\\/saca.com.mx\\\/es\\\/aviso-de-privacidad\\\/\"]}]},{\"@type\":\"BreadcrumbList\",\"@id\":\"https:\\\/\\\/saca.com.mx\\\/es\\\/aviso-de-privacidad\\\/#breadcrumb\",\"itemListElement\":[{\"@type\":\"ListItem\",\"position\":1,\"name\":\"Portada\",\"item\":\"https:\\\/\\\/saca.com.mx\\\/es\\\/\"},{\"@type\":\"ListItem\",\"position\":2,\"name\":\"Aviso de Privacidad\"}]},{\"@type\":\"WebSite\",\"@id\":\"https:\\\/\\\/saca.com.mx\\\/es\\\/#website\",\"url\":\"https:\\\/\\\/saca.com.mx\\\/es\\\/\",\"name\":\"SACA Sistemas de Protecci\u00f3n contra Incendio M\u00e9xico\",\"description\":\"\",\"potentialAction\":[{\"@type\":\"SearchAction\",\"target\":{\"@type\":\"EntryPoint\",\"urlTemplate\":\"https:\\\/\\\/saca.com.mx\\\/es\\\/?s={search_term_string}\"},\"query-input\":{\"@type\":\"PropertyValueSpecification\",\"valueRequired\":true,\"valueName\":\"search_term_string\"}}],\"inLanguage\":\"es\"}]}<\/script>\n<!-- \/ Yoast SEO plugin. -->","yoast_head_json":{"title":"Aviso de Privacidad - SACA Sistemas de Protecci\u00f3n contra Incendio M\u00e9xico","robots":{"index":"index","follow":"follow","max-snippet":"max-snippet:-1","max-image-preview":"max-image-preview:large","max-video-preview":"max-video-preview:-1"},"canonical":"https:\/\/saca.com.mx\/es\/aviso-de-privacidad\/","og_locale":"es_ES","og_type":"article","og_title":"Aviso de Privacidad - SACA Sistemas de Protecci\u00f3n contra Incendio M\u00e9xico","og_description":"Aviso de Privacidad para Consumidores En Instalaciones y Servicios SACA, S.A. de C.V. con domicilio en Le\u00f3n Guzm\u00e1n, No. 1105, Colonia Nuevo Repueblo, Monterrey, N.L., C.P. 64700, estamos conscientes que usted como consumidor (En lo sucesivo, \"EL TITULAR\") tiene derecho a conocer que informaci\u00f3n recabamos de usted y nuestras pr\u00e1cticas en relaci\u00f3n con dicha [&hellip;]","og_url":"https:\/\/saca.com.mx\/es\/aviso-de-privacidad\/","og_site_name":"SACA Sistemas de Protecci\u00f3n contra Incendio M\u00e9xico","article_modified_time":"2019-04-24T13:15:58+00:00","twitter_card":"summary_large_image","twitter_misc":{"Tiempo de lectura":"9 minutos"},"schema":{"@context":"https:\/\/schema.org","@graph":[{"@type":"WebPage","@id":"https:\/\/saca.com.mx\/es\/aviso-de-privacidad\/","url":"https:\/\/saca.com.mx\/es\/aviso-de-privacidad\/","name":"Aviso de Privacidad - SACA Sistemas de Protecci\u00f3n contra Incendio M\u00e9xico","isPartOf":{"@id":"https:\/\/saca.com.mx\/es\/#website"},"datePublished":"2015-04-06T15:59:41+00:00","dateModified":"2019-04-24T13:15:58+00:00","breadcrumb":{"@id":"https:\/\/saca.com.mx\/es\/aviso-de-privacidad\/#breadcrumb"},"inLanguage":"es","potentialAction":[{"@type":"ReadAction","target":["https:\/\/saca.com.mx\/es\/aviso-de-privacidad\/"]}]},{"@type":"BreadcrumbList","@id":"https:\/\/saca.com.mx\/es\/aviso-de-privacidad\/#breadcrumb","itemListElement":[{"@type":"ListItem","position":1,"name":"Portada","item":"https:\/\/saca.com.mx\/es\/"},{"@type":"ListItem","position":2,"name":"Aviso de Privacidad"}]},{"@type":"WebSite","@id":"https:\/\/saca.com.mx\/es\/#website","url":"https:\/\/saca.com.mx\/es\/","name":"SACA Sistemas de Protecci\u00f3n contra Incendio M\u00e9xico","description":"","potentialAction":[{"@type":"SearchAction","target":{"@type":"EntryPoint","urlTemplate":"https:\/\/saca.com.mx\/es\/?s={search_term_string}"},"query-input":{"@type":"PropertyValueSpecification","valueRequired":true,"valueName":"search_term_string"}}],"inLanguage":"es"}]}},"_links":{"self":[{"href":"https:\/\/saca.com.mx\/es\/wp-json\/wp\/v2\/pages\/192","targetHints":{"allow":["GET"]}}],"collection":[{"href":"https:\/\/saca.com.mx\/es\/wp-json\/wp\/v2\/pages"}],"about":[{"href":"https:\/\/saca.com.mx\/es\/wp-json\/wp\/v2\/types\/page"}],"author":[{"embeddable":true,"href":"https:\/\/saca.com.mx\/es\/wp-json\/wp\/v2\/users\/1"}],"replies":[{"embeddable":true,"href":"https:\/\/saca.com.mx\/es\/wp-json\/wp\/v2\/comments?post=192"}],"version-history":[{"count":3,"href":"https:\/\/saca.com.mx\/es\/wp-json\/wp\/v2\/pages\/192\/revisions"}],"predecessor-version":[{"id":1708,"href":"https:\/\/saca.com.mx\/es\/wp-json\/wp\/v2\/pages\/192\/revisions\/1708"}],"wp:attachment":[{"href":"https:\/\/saca.com.mx\/es\/wp-json\/wp\/v2\/media?parent=192"}],"curies":[{"name":"wp","href":"https:\/\/api.w.org\/{rel}","templated":true}]}}